{"id":689,"date":"2019-01-30T14:53:50","date_gmt":"2019-01-30T14:53:50","guid":{"rendered":"https:\/\/www.avanservicios.com\/?page_id=689"},"modified":"2019-06-06T10:37:15","modified_gmt":"2019-06-06T10:37:15","slug":"actitud-i-tracte-amb-el-public","status":"publish","type":"page","link":"https:\/\/www.avanservicios.com\/ca\/actitud-i-tracte-amb-el-public\/","title":{"rendered":"Actitud i tracte amb el p\u00fablic"},"content":{"rendered":"<p><div class=\"fusion-fullwidth fullwidth-box fusion-builder-row-1 fusion-parallax-none nonhundred-percent-fullwidth non-hundred-percent-height-scrolling fusion-equal-height-columns\" style=\"--awb-background-blend-mode:overlay;--awb-border-radius-top-left:0px;--awb-border-radius-top-right:0px;--awb-border-radius-bottom-right:0px;--awb-border-radius-bottom-left:0px;--awb-padding-top:190px;--awb-padding-right:50px;--awb-padding-bottom:20px;--awb-padding-left:50px;--awb-background-color:rgba(0,35,57,0.7);--awb-background-image:url(&quot;https:\/\/www.avanservicios.com\/wp-content\/uploads\/2019\/06\/trato-publico.jpg&quot;);--awb-background-size:cover;--awb-flex-wrap:wrap;\" ><div class=\"fusion-builder-row fusion-row\"><div class=\"fusion-layout-column fusion_builder_column fusion-builder-column-0 fusion_builder_column_1_1 1_1 fusion-one-full fusion-column-first fusion-column-last fusion-animated\" style=\"--awb-bg-size:cover;\" data-animationType=\"fadeInDown\" data-animationDuration=\"1.0\" data-animationOffset=\"top-into-view\"><div class=\"fusion-column-wrapper fusion-flex-column-wrapper-legacy\"><div class=\"fusion-title title fusion-title-1 fusion-sep-none fusion-title-center fusion-title-text fusion-title-size-one\" style=\"--awb-text-color:#ffffff;--awb-margin-bottom:0px;--awb-font-size:50px;\"><h1 class=\"fusion-title-heading title-heading-center\" style=\"margin:0;font-size:1em;\">Actitud i tracte amb el p\u00fablic<\/h1><\/div><div class=\"fusion-text fusion-text-1\"><p style=\"text-align: center;\"><span style=\"color: #ffffff; font-size: 130%;\">El nostre personal d&#8217;atenci\u00f3 al client est\u00e0 qualificat per donar un tracte amable amb el p\u00fablic. Truqui&#8217;ns, som garantia de qualitat.<br \/>\n<\/span><\/p>\n<\/div><div class=\"fusion-clearfix\"><\/div><\/div><\/div><div class=\"fusion-layout-column fusion_builder_column fusion-builder-column-1 fusion_builder_column_1_3 1_3 fusion-one-third fusion-column-first\" style=\"--awb-bg-size:cover;width:33.333333333333%;width:calc(33.333333333333% - ( ( 4% + 4% ) * 0.33333333333333 ) );margin-right: 4%;\"><div class=\"fusion-column-wrapper fusion-flex-column-wrapper-legacy\"><div class=\"fusion-clearfix\"><\/div><\/div><\/div><div class=\"fusion-layout-column fusion_builder_column fusion-builder-column-2 fusion_builder_column_1_3 1_3 fusion-one-third fusion-animated\" style=\"--awb-bg-size:cover;width:33.333333333333%;width:calc(33.333333333333% - ( ( 4% + 4% ) * 0.33333333333333 ) );margin-right: 4%;\" data-animationType=\"fadeInUp\" data-animationDuration=\"1.0\" data-animationOffset=\"top-into-view\"><div class=\"fusion-column-wrapper fusion-flex-column-wrapper-legacy\"><div class=\"fusion-content-boxes content-boxes columns row fusion-columns-1 fusion-columns-total-1 fusion-content-boxes-1 content-boxes-icon-with-title content-left\" style=\"--awb-title-color:#ffffff;--awb-iconcolor:#3084c5;--awb-hover-accent-color:#254084;--awb-circle-hover-accent-color:#254084;--awb-item-margin-bottom:40px;\" data-animationOffset=\"top-into-view\"><div style=\"--awb-backgroundcolor:rgba(255,255,255,0);--awb-iconcolor:#3084c5;\" class=\"fusion-column content-box-column content-box-column content-box-column-1 col-lg-12 col-md-12 col-sm-12 fusion-content-box-hover content-box-column-last content-box-column-last-in-row\"><div class=\"col content-box-wrapper content-wrapper link-area-link-icon icon-hover-animation-none\" data-animationOffset=\"top-into-view\"><div class=\"heading heading-with-icon icon-left\"><div class=\"icon\"><i style=\"border-color:#3084c5;border-width:1px;background-color:#ffffff;box-sizing:content-box;height:42px;width:42px;line-height:42px;border-radius:0px;font-size:21px;\" aria-hidden=\"true\" class=\"fontawesome-icon fa-phone-volume fas circle-yes\"><\/i><\/div><h2 class=\"content-box-heading\" style=\"--h2_typography-font-size:25px;line-height:30px;\">\u00a1Truqui\u2019ns! 931 124 350 <\/h2><\/div><\/div><\/div><div class=\"fusion-clearfix\"><\/div><\/div><div class=\"fusion-clearfix\"><\/div><\/div><\/div><div class=\"fusion-layout-column fusion_builder_column fusion-builder-column-3 fusion_builder_column_1_3 1_3 fusion-one-third fusion-column-last\" style=\"--awb-bg-size:cover;width:33.333333333333%;width:calc(33.333333333333% - ( ( 4% + 4% ) * 0.33333333333333 ) );\"><div class=\"fusion-column-wrapper fusion-flex-column-wrapper-legacy\"><div class=\"fusion-clearfix\"><\/div><\/div><\/div><\/div><\/div><div class=\"fusion-fullwidth fullwidth-box fusion-builder-row-2 nonhundred-percent-fullwidth non-hundred-percent-height-scrolling fusion-equal-height-columns\" style=\"--awb-border-radius-top-left:0px;--awb-border-radius-top-right:0px;--awb-border-radius-bottom-right:0px;--awb-border-radius-bottom-left:0px;--awb-padding-top:70px;--awb-padding-bottom:50px;--awb-margin-bottom:0px;--awb-flex-wrap:wrap;\" ><div class=\"fusion-builder-row fusion-row\"><div class=\"fusion-layout-column fusion_builder_column fusion-builder-column-4 fusion_builder_column_3_5 3_5 fusion-three-fifth fusion-column-first fusion-animated\" style=\"--awb-bg-size:cover;--awb-margin-bottom:0px;width:60%;width:calc(60% - ( ( 4% ) * 0.6 ) );margin-right: 4%;\" data-animationType=\"slideInLeft\" data-animationDuration=\"1.0\" data-animationOffset=\"top-into-view\"><div class=\"fusion-column-wrapper fusion-flex-column-wrapper-legacy\"><div class=\"fusion-column-content-centered\"><div class=\"fusion-column-content\"><div class=\"fusion-title title fusion-title-2 fusion-sep-none fusion-title-text fusion-title-size-two\" style=\"--awb-text-color:#74bced;\"><h2 class=\"fusion-title-heading title-heading-left\" style=\"margin:0;\">Actitud i tracte amb el p\u00fablic<\/h2><\/div><div class=\"fusion-text fusion-text-2\"><p>A<strong>\u00a0Avan Servicios Externos, S.L.<\/strong>\u00a0el tracte amb el p\u00fablic i la disposici\u00f3 amb le (s) persone (s) de l&#8217;empresa contractant deu ser el m\u00e9s correcte possible. La nostra filosofia de comprom\u00eds amb el client la resumim en una s\u00e8rie de normes:<\/p>\n<ul>\n<li>Sempre es parlar\u00e0 de vost\u00e8 i es respondr\u00e0 en la mateixa llengua (ja sigui castell\u00e0 o catal\u00e0) al client. Amb la m\u00e0xima correcci\u00f3 possible.<\/li>\n<li>La seva actitud ser\u00e0 sempre perfecta, diligent i afable. En definitiva, predisposat a cooperar.<\/li>\n<li>Queden prohibides les activitats que no es recullin dins de les funcions que se&#8217;ns assignen (fumar, beure, menjar\u2026).<\/li>\n<li>La postura depenent de l&#8217;activitat que es realitzi ser\u00e0 l&#8217;adequada a cada moment.<\/li>\n<li>S&#8217;executaran i far\u00e0 executar totes les disposicions internes del centre de treball.<\/li>\n<li>No far\u00e0 comentaris ni en el centre de treball, ni per fora del centre, referents a l&#8217;activitat que all\u00ed es desenvolupa.<\/li>\n<li>Respondrem per tot el material que se&#8217;ns deixi a c\u00e0rrec. Tenim una P\u00f2lissa de Responsabilitat Civil xifrada en 300.000 euros.<\/li>\n<li>No s&#8217;acceptaran gratificacions extraordin\u00e0ries de part del client pel treball realitzat.<\/li>\n<\/ul>\n<\/div><\/div><\/div><div class=\"fusion-clearfix\"><\/div><\/div><\/div><div class=\"fusion-layout-column fusion_builder_column fusion-builder-column-5 fusion_builder_column_2_5 2_5 fusion-two-fifth fusion-column-last fusion-animated\" style=\"--awb-padding-top:40px;--awb-padding-right:40px;--awb-padding-bottom:40px;--awb-padding-left:40px;--awb-bg-color:#f2f2f2;--awb-bg-color-hover:#f2f2f2;--awb-bg-size:cover;width:40%;width:calc(40% - ( ( 4% ) * 0.4 ) );\" data-animationType=\"slideInRight\" data-animationDuration=\"1.0\" data-animationOffset=\"top-into-view\"><div class=\"fusion-column-wrapper fusion-flex-column-wrapper-legacy\"><div class=\"fusion-content-boxes content-boxes columns row fusion-columns-1 fusion-columns-total-1 fusion-content-boxes-2 content-boxes-icon-with-title content-left\" style=\"--awb-title-color:#3084c5;--awb-iconcolor:#3084c5;--awb-hover-accent-color:#254084;--awb-circle-hover-accent-color:#254084;--awb-item-margin-bottom:40px;\" data-animationOffset=\"top-into-view\"><div style=\"--awb-backgroundcolor:rgba(255,255,255,0);--awb-iconcolor:#3084c5;\" class=\"fusion-column content-box-column content-box-column content-box-column-1 col-lg-12 col-md-12 col-sm-12 fusion-content-box-hover content-box-column-last content-box-column-last-in-row\"><div class=\"col content-box-wrapper content-wrapper link-area-link-icon icon-hover-animation-none\" data-animationOffset=\"top-into-view\"><div class=\"heading heading-with-icon icon-left\"><div class=\"icon\"><i style=\"border-color:#3084c5;border-width:1px;background-color:#ffffff;box-sizing:content-box;height:42px;width:42px;line-height:42px;border-radius:0px;font-size:21px;\" aria-hidden=\"true\" class=\"fontawesome-icon fa-gem far circle-yes\"><\/i><\/div><h2 class=\"content-box-heading\" style=\"--h2_typography-font-size:22px;line-height:27px;\">Tipologia de serveis<\/h2><\/div><div class=\"fusion-clearfix\"><\/div><div class=\"content-container\">\n<p>Oferim servei a qualsevol empresa multisectorial: comunitats de propietaris, edificis d&#8217;oficines, hotels, p\u00e0rquings, col\u00b7legis, naus industrials, biblioteques, obres, piscines, concursos p\u00fablics, edificis desallotjats, estibadors del port, fires i convencions.<\/p>\n<p>La coordinaci\u00f3 permanent entre empresa contractant i Avan Servicios Externos, S.L. far\u00e0 que el servei sigui d&#8217;una gran qualitat i la nostra ra\u00f3 de ser.<\/p>\n<\/div><\/div><\/div><div class=\"fusion-clearfix\"><\/div><\/div><div class=\"fusion-sep-clear\"><\/div><div class=\"fusion-separator fusion-full-width-sep\" style=\"margin-left: auto;margin-right: auto;margin-top:20px;width:100%;\"><\/div><div class=\"fusion-sep-clear\"><\/div><div class=\"fusion-button-wrapper\"><a class=\"fusion-button button-flat button-large button-custom fusion-button-default button-1 fusion-button-default-span fusion-button-default-type fusion-animated\" style=\"--button_accent_color:#ffffff;--button_accent_hover_color:#ffffff;--button_border_hover_color:#ffffff;--button_gradient_top_color:#254084;--button_gradient_bottom_color:#254084;--button_gradient_top_color_hover:#74bced;--button_gradient_bottom_color_hover:#74bced;\" data-animationType=\"rubberBand\" data-animationDuration=\"1.0\" data-animationOffset=\"top-into-view\" target=\"_self\" href=\"https:\/\/www.avanservicios.com\/pidanos-presupuesto\/\"><span class=\"fusion-button-text\">P\u00eddanos presupuesto<\/span><\/a><\/div>\n<div class=\"fusion-clearfix\"><\/div><\/div><\/div><\/div><div class=\"fusion-builder-row fusion-row\"><\/div><\/div><div class=\"fusion-fullwidth fullwidth-box fusion-builder-row-3 hundred-percent-fullwidth non-hundred-percent-height-scrolling\" style=\"--awb-border-radius-top-left:0px;--awb-border-radius-top-right:0px;--awb-border-radius-bottom-right:0px;--awb-border-radius-bottom-left:0px;--awb-padding-top:0px;--awb-padding-right:0px;--awb-padding-bottom:0px;--awb-padding-left:0px;--awb-margin-top:0px;--awb-margin-bottom:0px;--awb-flex-wrap:wrap;\" ><div class=\"fusion-builder-row fusion-row\"><div class=\"fusion-layout-column fusion_builder_column fusion-builder-column-6 fusion_builder_column_1_1 1_1 fusion-one-full fusion-column-first fusion-column-last\" style=\"--awb-bg-size:cover;--awb-margin-bottom:0px;\"><div class=\"fusion-column-wrapper fusion-flex-column-wrapper-legacy\"><div class=\"fusion-align-block\"><a class=\"fusion-button button-flat button-xlarge button-custom fusion-button-default button-2 fusion-button-span-yes fusion-button-default-type\" style=\"--button_accent_color:#ffffff;--button_accent_hover_color:#ffffff;--button_border_hover_color:#ffffff;--button_gradient_top_color:#74bced;--button_gradient_bottom_color:#74bced;--button_gradient_top_color_hover:#0f283c;--button_gradient_bottom_color_hover:#0f283c;\" target=\"_self\" href=\"https:\/\/www.avanservicios.com\/contacte\/\"><span class=\"fusion-button-text\">M\u00e9s informaci\u00f3<\/span><i class=\"fa-arrow-right fas button-icon-right\" aria-hidden=\"true\"><\/i><\/a><\/div><div class=\"fusion-clearfix\"><\/div><\/div><\/div><\/div><div class=\"fusion-builder-row fusion-row\"><\/div><\/div><\/p>\n","protected":false},"excerpt":{"rendered":"","protected":false},"author":1,"featured_media":0,"parent":0,"menu_order":0,"comment_status":"closed","ping_status":"closed","template":"100-width.php","meta":{"footnotes":""},"yoast_head":"<!-- This site is optimized with the Yoast SEO plugin v22.1 - https:\/\/yoast.com\/wordpress\/plugins\/seo\/ -->\n<title>Actitud i tracte amb el p\u00fablic - Avan Servicios Externos<\/title>\n<meta name=\"robots\" content=\"index, follow, max-snippet:-1, max-image-preview:large, max-video-preview:-1\" \/>\n<link rel=\"canonical\" href=\"https:\/\/www.avanservicios.com\/actitud-y-trato-con-el-publico\/\" \/>\n<meta property=\"og:locale\" content=\"ca_ES\" \/>\n<meta property=\"og:type\" content=\"article\" \/>\n<meta property=\"og:title\" content=\"Actitud i tracte amb el p\u00fablic - Avan Servicios Externos\" \/>\n<meta property=\"og:url\" content=\"https:\/\/www.avanservicios.com\/actitud-y-trato-con-el-publico\/\" \/>\n<meta property=\"og:site_name\" content=\"Avan Servicios Externos\" \/>\n<meta property=\"article:modified_time\" content=\"2019-06-06T10:37:15+00:00\" \/>\n<meta name=\"twitter:card\" content=\"summary_large_image\" \/>\n<meta name=\"twitter:label1\" content=\"Temps estimat de lectura\" \/>\n\t<meta name=\"twitter:data1\" content=\"8 minuts\" \/>\n<script type=\"application\/ld+json\" class=\"yoast-schema-graph\">{\"@context\":\"https:\/\/schema.org\",\"@graph\":[{\"@type\":\"WebPage\",\"@id\":\"https:\/\/www.avanservicios.com\/actitud-y-trato-con-el-publico\/\",\"url\":\"https:\/\/www.avanservicios.com\/actitud-y-trato-con-el-publico\/\",\"name\":\"Actitud i tracte amb el p\u00fablic - Avan Servicios Externos\",\"isPartOf\":{\"@id\":\"https:\/\/www.avanservicios.com\/#website\"},\"datePublished\":\"2019-01-30T14:53:50+00:00\",\"dateModified\":\"2019-06-06T10:37:15+00:00\",\"breadcrumb\":{\"@id\":\"https:\/\/www.avanservicios.com\/actitud-y-trato-con-el-publico\/#breadcrumb\"},\"inLanguage\":\"ca\",\"potentialAction\":[{\"@type\":\"ReadAction\",\"target\":[\"https:\/\/www.avanservicios.com\/actitud-y-trato-con-el-publico\/\"]}]},{\"@type\":\"BreadcrumbList\",\"@id\":\"https:\/\/www.avanservicios.com\/actitud-y-trato-con-el-publico\/#breadcrumb\",\"itemListElement\":[{\"@type\":\"ListItem\",\"position\":1,\"name\":\"Portada\",\"item\":\"https:\/\/www.avanservicios.com\/ca\/\"},{\"@type\":\"ListItem\",\"position\":2,\"name\":\"Actitud i tracte amb el p\u00fablic\"}]},{\"@type\":\"WebSite\",\"@id\":\"https:\/\/www.avanservicios.com\/#website\",\"url\":\"https:\/\/www.avanservicios.com\/\",\"name\":\"Avan Servicios Externos\",\"description\":\"Descripci\u00f3n de la empresa\",\"potentialAction\":[{\"@type\":\"SearchAction\",\"target\":{\"@type\":\"EntryPoint\",\"urlTemplate\":\"https:\/\/www.avanservicios.com\/?s={search_term_string}\"},\"query-input\":\"required name=search_term_string\"}],\"inLanguage\":\"ca\"}]}<\/script>\n<!-- \/ Yoast SEO plugin. -->","yoast_head_json":{"title":"Actitud i tracte amb el p\u00fablic - Avan Servicios Externos","robots":{"index":"index","follow":"follow","max-snippet":"max-snippet:-1","max-image-preview":"max-image-preview:large","max-video-preview":"max-video-preview:-1"},"canonical":"https:\/\/www.avanservicios.com\/actitud-y-trato-con-el-publico\/","og_locale":"ca_ES","og_type":"article","og_title":"Actitud i tracte amb el p\u00fablic - Avan Servicios Externos","og_url":"https:\/\/www.avanservicios.com\/actitud-y-trato-con-el-publico\/","og_site_name":"Avan Servicios Externos","article_modified_time":"2019-06-06T10:37:15+00:00","twitter_card":"summary_large_image","twitter_misc":{"Temps estimat de lectura":"8 minuts"},"schema":{"@context":"https:\/\/schema.org","@graph":[{"@type":"WebPage","@id":"https:\/\/www.avanservicios.com\/actitud-y-trato-con-el-publico\/","url":"https:\/\/www.avanservicios.com\/actitud-y-trato-con-el-publico\/","name":"Actitud i tracte amb el p\u00fablic - Avan Servicios Externos","isPartOf":{"@id":"https:\/\/www.avanservicios.com\/#website"},"datePublished":"2019-01-30T14:53:50+00:00","dateModified":"2019-06-06T10:37:15+00:00","breadcrumb":{"@id":"https:\/\/www.avanservicios.com\/actitud-y-trato-con-el-publico\/#breadcrumb"},"inLanguage":"ca","potentialAction":[{"@type":"ReadAction","target":["https:\/\/www.avanservicios.com\/actitud-y-trato-con-el-publico\/"]}]},{"@type":"BreadcrumbList","@id":"https:\/\/www.avanservicios.com\/actitud-y-trato-con-el-publico\/#breadcrumb","itemListElement":[{"@type":"ListItem","position":1,"name":"Portada","item":"https:\/\/www.avanservicios.com\/ca\/"},{"@type":"ListItem","position":2,"name":"Actitud i tracte amb el p\u00fablic"}]},{"@type":"WebSite","@id":"https:\/\/www.avanservicios.com\/#website","url":"https:\/\/www.avanservicios.com\/","name":"Avan Servicios Externos","description":"Descripci\u00f3n de la empresa","potentialAction":[{"@type":"SearchAction","target":{"@type":"EntryPoint","urlTemplate":"https:\/\/www.avanservicios.com\/?s={search_term_string}"},"query-input":"required name=search_term_string"}],"inLanguage":"ca"}]}},"_links":{"self":[{"href":"https:\/\/www.avanservicios.com\/ca\/wp-json\/wp\/v2\/pages\/689"}],"collection":[{"href":"https:\/\/www.avanservicios.com\/ca\/wp-json\/wp\/v2\/pages"}],"about":[{"href":"https:\/\/www.avanservicios.com\/ca\/wp-json\/wp\/v2\/types\/page"}],"author":[{"embeddable":true,"href":"https:\/\/www.avanservicios.com\/ca\/wp-json\/wp\/v2\/users\/1"}],"replies":[{"embeddable":true,"href":"https:\/\/www.avanservicios.com\/ca\/wp-json\/wp\/v2\/comments?post=689"}],"version-history":[{"count":7,"href":"https:\/\/www.avanservicios.com\/ca\/wp-json\/wp\/v2\/pages\/689\/revisions"}],"predecessor-version":[{"id":972,"href":"https:\/\/www.avanservicios.com\/ca\/wp-json\/wp\/v2\/pages\/689\/revisions\/972"}],"wp:attachment":[{"href":"https:\/\/www.avanservicios.com\/ca\/wp-json\/wp\/v2\/media?parent=689"}],"curies":[{"name":"wp","href":"https:\/\/api.w.org\/{rel}","templated":true}]}}